





{"id":2865,"date":"2020-06-18T09:50:49","date_gmt":"2020-06-18T07:50:49","guid":{"rendered":"https:\/\/www.lpv-rottal-inn.de\/?page_id=2865"},"modified":"2020-09-28T08:38:29","modified_gmt":"2020-09-28T06:38:29","slug":"10-jahre-lpv","status":"publish","type":"page","link":"https:\/\/www.lpv-rottal-inn.de\/index.php\/10-jahre-lpv\/","title":{"rendered":"10 Jahre LPV"},"content":{"rendered":"<div class=\"wpb-content-wrapper\"><p>[vc_row full_width=&#8220;stretch_row_content&#8220; parallax=&#8220;content-moving&#8220; parallax_image=&#8220;3656&#8243; wrap_container=&#8220;yes&#8220; css=&#8220;.vc_custom_1594985676644{padding-top: 80px !important;padding-bottom: 80px !important;background-image: url(https:\/\/www.lpv-rottal-inn.de\/wp-content\/uploads\/fahmueller.jpg?id=3668) !important;}&#8220;][vc_column offset=&#8220;vc_col-lg-offset-2 vc_col-lg-8 vc_col-md-offset-1 vc_col-md-10&#8243; css=&#8220;.vc_custom_1594974458449{margin-top: 0px !important;}&#8220;][vc_row_inner][vc_column_inner css=&#8220;.vc_custom_1594971277685{margin-bottom: 40px !important;}&#8220;][vc_column_text]<\/p>\n<h1 style=\"text-align: center;\"><span style=\"color: #ffffff;\">10 Jahre LPV<\/span><\/h1>\n<p>[\/vc_column_text][\/vc_column_inner][\/vc_row_inner][vc_custom_heading text=&#8220;\u201c 2019 ist f\u00fcr uns ein Jubil\u00e4umsjahr, denn seit nunmehr zehn Jahren engagiert sich der Landschaftspflegeverband Rottal-Inn f\u00fcr den Landkreis. Gerade bei uns, einer sehr l\u00e4ndlich gepr\u00e4gten und naturverbundenen Region, ist es wichtig, die heimische Landschaft mit ihrer Flora und Fauna zu sch\u00fctzen. Genau das hat sich der Landschaftspflegeverband Rottal-Inn zur Aufgabe gemacht und treibt mit seinen \u00f6kologischen Projekten den regionalen Umwelt- und Klimaschutz voran. \u201d&#8220; font_container=&#8220;tag:p|font_size:14%2C5|text_align:center|color:%23ffffff|line_height:30px&#8220; use_theme_fonts=&#8220;yes&#8220; font_weight=&#8220;600&#8243; animation_delay=&#8220;400&#8243; el_class=&#8220;custom-font2 mb-4&#8243; animation_type=&#8220;fadeInUp&#8220;][vc_custom_heading text=&#8220;Michael Fahm\u00fcller<br \/>\nLandrat und Vorstandsvorsitzender des LPV&#8220; font_container=&#8220;tag:p|font_size:14%2C5|text_align:center|color:rgba(255%2C255%2C255%2C0.7)|line_height:1.2&#8243; use_theme_fonts=&#8220;yes&#8220; font_weight=&#8220;300&#8243; animation_delay=&#8220;600&#8243; animation_type=&#8220;fadeInUp&#8220;][\/vc_column][\/vc_row][vc_row css=&#8220;.vc_custom_1594971088599{margin-top: 80px !important;margin-bottom: 40px !important;}&#8220;][vc_column width=&#8220;1\/4&#8243;][\/vc_column][vc_column width=&#8220;1\/2&#8243;][vc_column_text]<\/p>\n<p style=\"text-align: center;\">2010 bis 2019, zehn Jahre Landschaftspflegeverband Rottal-Inn. Das ist noch eine kurze Geschichte, aber wir glauben sagen zu d\u00fcrfen, es ist eine Erfolgsgeschichte. Und sie geht ja noch weiter &#8230;<\/p>\n<p>[\/vc_column_text][\/vc_column][vc_column width=&#8220;1\/4&#8243;][\/vc_column][\/vc_row][vc_row][vc_column]<section class=\"timeline wpb_custom_aa84c36a6a947f6099708744f0f74b68\"><div class=\"timeline-body\"><div class=\"timeline-date  wpb_custom_e03dc5a8a169bfdfccbaed44883810c3\"><h3 class=\"time-text step-item-subtitle\">2010<\/h3><\/div><article class=\"timeline-box left   wpb_custom_e03dc5a8a169bfdfccbaed44883810c3\" data-appear-animation=\"fadeInLeft\"><div><img decoding=\"async\" src=\"\/\/www.lpv-rottal-inn.de\/wp-content\/uploads\/2010.jpg\" class=\"img-responsive\" alt=\"\"><h4 class=\"timeline-item-title step-item-title\"><\/h4><div class=\"timeline-item-content\">Der Landschaftspflegeverband Rottal-Inn nimmt im Januar 2010 mit zwei Besch\u00e4ftigten seine Arbeit auf. Das erste B\u00fcro war in einem Geb\u00e4ude des Landratsamtes Rottal-Inn in Pfarrkirchen.<\/div><\/div><\/article><div class=\"timeline-date  wpb_custom_e03dc5a8a169bfdfccbaed44883810c3\"><h3 class=\"time-text step-item-subtitle\">2011<\/h3><\/div><article class=\"timeline-box right   wpb_custom_e03dc5a8a169bfdfccbaed44883810c3\" data-appear-animation=\"fadeInRight\"><div><img decoding=\"async\" src=\"\/\/www.lpv-rottal-inn.de\/wp-content\/uploads\/2011.jpg\" class=\"img-responsive\" alt=\"\"><h4 class=\"timeline-item-title step-item-title\"><\/h4><div class=\"timeline-item-content\">Zum 1. April 2011 \u00fcbernimmt der LPV die Tr\u00e4gerschaft der RAMSAR-Gebietsbetreuung f\u00fcr das Europareservat am Unteren Inn. Das gilt bis heute. Gebietsbetreuerin Andrea Bruckmeier hat zwei Aufgabenschwerpunkte: Beobachtung und Dokumentation von Flora und Fauna im Schutzgebiet sowie die \u00d6ffentlichkeitsarbeit, um Einheimische und Besucher f\u00fcr die Sch\u00f6nheit des Gebietes zu begeistern und die Akzeptanz f\u00fcr das Schutzgebiet in der Bev\u00f6lkerung zu verbessern.<\/div><\/div><\/article><div class=\"timeline-date  wpb_custom_e03dc5a8a169bfdfccbaed44883810c3\"><h3 class=\"time-text step-item-subtitle\">2012<\/h3><\/div><article class=\"timeline-box left   wpb_custom_e03dc5a8a169bfdfccbaed44883810c3\" data-appear-animation=\"fadeInLeft\"><div><img decoding=\"async\" src=\"\/\/www.lpv-rottal-inn.de\/wp-content\/uploads\/2012.jpg\" class=\"img-responsive\" alt=\"\"><h4 class=\"timeline-item-title step-item-title\"><\/h4><div class=\"timeline-item-content\">Der LPV Rottal-Inn steigt in das 3xB-Projekt des Landkreises ein (3xB bedeutet: B\u00e4che, B\u00f6den, Biodiversit\u00e4t). Schwerpunkt: Wiederherstellung und Neugestaltung von Biotopen auf 3xB-Ankauffl\u00e4chen des Landkreises. Dazu werden in ausgew\u00e4hlten Schwerpunktgebieten des Landkreises geeignete Grundst\u00fccke angekauft, zielorientiert gestaltet und gepflegt und zu einem Biotopverbundnetz ausgebaut.<\/div><\/div><\/article><div class=\"timeline-date  wpb_custom_e03dc5a8a169bfdfccbaed44883810c3\"><h3 class=\"time-text step-item-subtitle\">2013<\/h3><\/div><article class=\"timeline-box right   wpb_custom_e03dc5a8a169bfdfccbaed44883810c3\" data-appear-animation=\"fadeInRight\"><div><img decoding=\"async\" src=\"\/\/www.lpv-rottal-inn.de\/wp-content\/uploads\/2013-scaled.jpg\" class=\"img-responsive\" alt=\"\"><h4 class=\"timeline-item-title step-item-title\"><\/h4><div class=\"timeline-item-content\">Das neue \u201eDorfwiesenprojekt\u201c wird gestartet, im Rahmen des 3xB-Projektes. \u201eJedem Dorf seine eigene Dorfwiese\u201c ist das Ziel des Projektes. In Zusammenarbeit mit Kommunen, Obst- und Gartenbauvereinen, aber auch mit Privatpersonen, wird versucht, siedlungsnah bl\u00fctenreiche Dorfwiesen zu gestalten, um sie f\u00fcr die Bev\u00f6lkerung und vor allem f\u00fcr die Kinder erreichbar und erlebbar zu machen. Zusammen mit der Unteren Naturschutzbeh\u00f6rde und weiteren Projektpartnern wurden im Landkreis viele potenzielle Fl\u00e4chen gesammelt, die zu artenreichen Blumenwiesen umgestaltet werden k\u00f6nnen.<\/div><\/div><\/article><div class=\"timeline-date  wpb_custom_e03dc5a8a169bfdfccbaed44883810c3\"><h3 class=\"time-text step-item-subtitle\">2014<\/h3><\/div><article class=\"timeline-box left   wpb_custom_e03dc5a8a169bfdfccbaed44883810c3\" data-appear-animation=\"fadeInLeft\"><div><img decoding=\"async\" src=\"\/\/www.lpv-rottal-inn.de\/wp-content\/uploads\/2014.jpg\" class=\"img-responsive\" alt=\"\"><h4 class=\"timeline-item-title step-item-title\"><\/h4><div class=\"timeline-item-content\">Rainer Blaschke wird zum Mitglied des Landessprecherrates gew\u00e4hlt und vertritt nun stellvertretend den Landessprecher. Zu den Aufgaben des Landessprechers geh\u00f6ren die Interessensvertretung der Landschaftspflegeverb\u00e4nde auf Landesebene und die langfristige Weiterentwicklung der Verb\u00e4nde.<\/div><\/div><\/article><div class=\"timeline-date  wpb_custom_e03dc5a8a169bfdfccbaed44883810c3\"><h3 class=\"time-text step-item-subtitle\">2015<\/h3><\/div><article class=\"timeline-box right   wpb_custom_e03dc5a8a169bfdfccbaed44883810c3\" data-appear-animation=\"fadeInRight\"><div><img decoding=\"async\" src=\"\/\/www.lpv-rottal-inn.de\/wp-content\/uploads\/2015.jpg\" class=\"img-responsive\" alt=\"\"><h4 class=\"timeline-item-title step-item-title\"><\/h4><div class=\"timeline-item-content\">Der LPV Fotokalender wird zum ersten Mal ver\u00f6ffentlicht. Er enth\u00e4lt die besten Motive aus dem Fotowettbewerb \u201eEuropareservat Unterer Inn\u201c. K\u00fcnftig wird der Fotokalender im zweij\u00e4hrigen Turnus erscheinen, stets mit wechselnden Hauptthemen.<\/div><\/div><\/article><div class=\"timeline-date  wpb_custom_e03dc5a8a169bfdfccbaed44883810c3\"><h3 class=\"time-text step-item-subtitle\">2016<\/h3><\/div><article class=\"timeline-box left   wpb_custom_e03dc5a8a169bfdfccbaed44883810c3\" data-appear-animation=\"fadeInLeft\"><div><img decoding=\"async\" src=\"\/\/www.lpv-rottal-inn.de\/wp-content\/uploads\/Flaecheneinsicht-boden_staendig-scaled.jpg\" class=\"img-responsive\" alt=\"\"><h4 class=\"timeline-item-title step-item-title\"><\/h4><div class=\"timeline-item-content\">Ein v\u00f6llig neues Aufgabengebiet f\u00fcr den LPV Rottal-Inn mit dem Projekt \u201eboden:st\u00e4ndig\u201c, im Auftrag des Amtes f\u00fcr L\u00e4ndliche Entwicklung Niederbayern: Um B\u00f6den und Gew\u00e4sser zu sch\u00fctzen, wird die Erosion aus der Fl\u00e4che reduziert, Abflussspitzen werden minimiert und Stoffeintr\u00e4ge in die Gew\u00e4sser durch vielf\u00e4ltige Ma\u00dfnahmen in der Landschaft deutlich verringert. Mehr denn je und f\u00fcr alle Menschen greifbar hat dieses Projekt im Jahr des Hochwassers 2016 gro\u00dfe Bedeutung.<\/div><\/div><\/article><div class=\"timeline-date  wpb_custom_e03dc5a8a169bfdfccbaed44883810c3\"><h3 class=\"time-text step-item-subtitle\">2017<\/h3><\/div><article class=\"timeline-box right   wpb_custom_e03dc5a8a169bfdfccbaed44883810c3\" data-appear-animation=\"fadeInRight\"><div><img decoding=\"async\" src=\"\/\/www.lpv-rottal-inn.de\/wp-content\/uploads\/2017.jpg\" class=\"img-responsive\" alt=\"\"><h4 class=\"timeline-item-title step-item-title\"><\/h4><div class=\"timeline-item-content\">Im Auftrag der Kommunen wickeln wir Heckenpflegema\u00dfnahmen im Rahmen der F\u00f6rderung \u00fcber das Bayerische Kulturlandschaftsprogramm (KULAP, \u201eHeckenpflegepr\u00e4mie\u201c) ab. Dabei wird ein naturschutzfachlich abgestimmtes Pflegekonzept f\u00fcr alle Heckenabschnitte erarbeitet, das sich \u00fcber einen Zeitraum von mindestens drei Jahren erstreckt. Die Pflege erfolgt \u00fcber Landwirte, die vom Landschaftspflegeverband fachlich angeleitet werden. So ist garantiert, dass die Heckenpflege fachgerecht und mit R\u00fccksicht auf die Belange der Natur abl\u00e4uft. Denn\u00a0<span class=\"\">Hecken gliedern und bereichern die Agrarlandschaft im Landkreis und sind zugleich wertvoller Lebens- und R\u00fcckzugsraum f\u00fcr viele Tiere und Pflanzen.<\/span><\/div><\/div><\/article><div class=\"timeline-date  wpb_custom_e03dc5a8a169bfdfccbaed44883810c3\"><h3 class=\"time-text step-item-subtitle\">2018<\/h3><\/div><article class=\"timeline-box left   wpb_custom_e03dc5a8a169bfdfccbaed44883810c3\" data-appear-animation=\"fadeInLeft\"><div><img decoding=\"async\" src=\"\/\/www.lpv-rottal-inn.de\/wp-content\/uploads\/2018.jpg\" class=\"img-responsive\" alt=\"\"><h4 class=\"timeline-item-title step-item-title\"><\/h4><div class=\"timeline-item-content\">Ein Jubil\u00e4umsjahr, denn das Infozentrum in Ering im Europareservat Unterer Inn besteht nun seit 25 Jahren. Gleichzeitig gibt es f\u00fcr uns einen weiteren Grund zum Feiern: Das INTERREG-Projekt \u201cGrenz\u00fcberschreitende Steuerungs- und Umweltbildungseinrichtung am Unteren Inn\u201d startet. Mit dem Projekt wird das Infozentrum neu gestaltet, auch wird die Ausstellung neu konzipiert und um weitere Attraktionen am Schloss Frauenstein sowie an mehreren Au\u00dfenstationen erweitert. Zudem wird ein grenz\u00fcbergreifendes naturschutzfachliches Management des Gebietes und eine Umweltbildungsstation etabliert. <\/div><\/div><\/article><div class=\"timeline-date  wpb_custom_e03dc5a8a169bfdfccbaed44883810c3\"><h3 class=\"time-text step-item-subtitle\">2019<\/h3><\/div><article class=\"timeline-box right   wpb_custom_e03dc5a8a169bfdfccbaed44883810c3\" data-appear-animation=\"fadeInRight\"><div><img decoding=\"async\" src=\"\/\/www.lpv-rottal-inn.de\/wp-content\/uploads\/2019.jpg\" class=\"img-responsive\" alt=\"\"><h4 class=\"timeline-item-title step-item-title\"><\/h4><div class=\"timeline-item-content\">Seit 10 Jahren gibt es den Landschaftspflegeverband Rottal-Inn. Seit der Gr\u00fcndung ist nicht nur die Anzahl der Mitarbeiter von zwei auf sechs angestiegen. Auch die Zahl der Bewirtschafter, Freunde, F\u00f6rderer und Mitglieder hat sich best\u00e4ndig gesteigert. Viele waren beim Jubil\u00e4ums-Erntedankfest dabei.<\/div><\/div><\/article><div class=\"timeline-date  wpb_custom_e03dc5a8a169bfdfccbaed44883810c3\"><h3 class=\"time-text step-item-subtitle\">2020<\/h3><\/div><article class=\"timeline-box left   wpb_custom_e03dc5a8a169bfdfccbaed44883810c3\" data-appear-animation=\"fadeInLeft\"><div><img decoding=\"async\" src=\"\/\/www.lpv-rottal-inn.de\/wp-content\/uploads\/Galloways-scaled.jpg\" class=\"img-responsive\" alt=\"\"><h4 class=\"timeline-item-title step-item-title\"><\/h4><div class=\"timeline-item-content\">Unser neues Beweidungsprojekt ist kosteng\u00fcnstig, energiesparend und unterst\u00fctzt die regionale Vermarktung. Aktuell haben wir sogar zwei Projekte, in Hausmanning und im Nopplinger Bachtal. Dabei werden Landschaftspflegefl\u00e4chen mit Galloways, Ziegen oder rotem H\u00f6henvieh beweidet. Das ist oft auch sehr praktisch, weil diese Fl\u00e4chen feucht oder schwer zug\u00e4nglich und dadurch f\u00fcr die Bewirtschaftung mit Maschinen weniger geeignet sind. Und nicht zuletzt werden diese Fl\u00e4chen f\u00fcr Insekten wieder interessanter.<\/div><\/div><\/article><\/div><\/section>[\/vc_column][\/vc_row]<\/p>\n<\/div>","protected":false},"excerpt":{"rendered":"<p>[vc_row full_width=&#8220;stretch_row_content&#8220; parallax=&#8220;content-moving&#8220; parallax_image=&#8220;3656&#8243; wrap_container=&#8220;yes&#8220; css=&#8220;.vc_custom_1594985676644{padding-top: 80px !important;padding-bottom: 80px !important;background-image: url(https:\/\/www.lpv-rottal-inn.de\/wp-content\/uploads\/fahmueller.jpg?id=3668) !important;}&#8220;][vc_column offset=&#8220;vc_col-lg-offset-2 vc_col-lg-8 vc_col-md-offset-1 vc_col-md-10&#8243; css=&#8220;.vc_custom_1594974458449{margin-top: 0px !important;}&#8220;][vc_row_inner][vc_column_inner css=&#8220;.vc_custom_1594971277685{margin-bottom: 40px !important;}&#8220;][vc_column_text] 10 Jahre LPV [\/vc_column_text][\/vc_column_inner][\/vc_row_inner][vc_custom_heading text=&#8220;\u201c 2019 ist f\u00fcr uns ein Jubil\u00e4umsjahr, denn seit nunmehr zehn Jahren engagiert sich der Landschaftspflegeverband Rottal-Inn f\u00fcr den Landkreis. Gerade bei uns, einer sehr l\u00e4ndlich gepr\u00e4gten und naturverbundenen [&hellip;]<\/p>\n","protected":false},"author":3,"featured_media":0,"parent":0,"menu_order":0,"comment_status":"closed","ping_status":"closed","template":"","meta":{"footnotes":""},"class_list":["post-2865","page","type-page","status-publish","hentry"],"_links":{"self":[{"href":"https:\/\/www.lpv-rottal-inn.de\/index.php\/wp-json\/wp\/v2\/pages\/2865","targetHints":{"allow":["GET"]}}],"collection":[{"href":"https:\/\/www.lpv-rottal-inn.de\/index.php\/wp-json\/wp\/v2\/pages"}],"about":[{"href":"https:\/\/www.lpv-rottal-inn.de\/index.php\/wp-json\/wp\/v2\/types\/page"}],"author":[{"embeddable":true,"href":"https:\/\/www.lpv-rottal-inn.de\/index.php\/wp-json\/wp\/v2\/users\/3"}],"replies":[{"embeddable":true,"href":"https:\/\/www.lpv-rottal-inn.de\/index.php\/wp-json\/wp\/v2\/comments?post=2865"}],"version-history":[{"count":63,"href":"https:\/\/www.lpv-rottal-inn.de\/index.php\/wp-json\/wp\/v2\/pages\/2865\/revisions"}],"predecessor-version":[{"id":4238,"href":"https:\/\/www.lpv-rottal-inn.de\/index.php\/wp-json\/wp\/v2\/pages\/2865\/revisions\/4238"}],"wp:attachment":[{"href":"https:\/\/www.lpv-rottal-inn.de\/index.php\/wp-json\/wp\/v2\/media?parent=2865"}],"curies":[{"name":"wp","href":"https:\/\/api.w.org\/{rel}","templated":true}]}}